{"version":"1.0","provider_name":"Canal Dana","provider_url":"https:\/\/dana.com.br\/canaldana","author_name":"Canal Dana","author_url":"https:\/\/dana.com.br\/canaldana\/author\/cdeditor\/","title":"Mercado v\u00ea meta de infla\u00e7\u00e3o em xeque - Canal Dana","type":"rich","width":600,"height":338,"html":"<blockquote class=\"wp-embedded-content\" data-secret=\"Do03bd14Ql\"><a href=\"https:\/\/dana.com.br\/canaldana\/2022\/09\/21\/mercado-ve-meta-de-inflacao-em-xeque\/\">Mercado v\u00ea meta de infla\u00e7\u00e3o em xeque<\/a><\/blockquote><iframe sandbox=\"allow-scripts\" security=\"restricted\" src=\"https:\/\/dana.com.br\/canaldana\/2022\/09\/21\/mercado-ve-meta-de-inflacao-em-xeque\/embed\/#?secret=Do03bd14Ql\" width=\"600\" height=\"338\" title=\"&#8220;Mercado v\u00ea meta de infla\u00e7\u00e3o em xeque&#8221; &#8212; Canal Dana\" data-secret=\"Do03bd14Ql\" frameborder=\"0\" marginwidth=\"0\" marginheight=\"0\" scrolling=\"no\" class=\"wp-embedded-content\"><\/iframe><script type=\"text\/javascript\">\n\/* <![CDATA[ *\/\n\/*! This file is auto-generated *\/\n!function(d,l){\"use strict\";l.querySelector&&d.addEventListener&&\"undefined\"!=typeof URL&&(d.wp=d.wp||{},d.wp.receiveEmbedMessage||(d.wp.receiveEmbedMessage=function(e){var t=e.data;if((t||t.secret||t.message||t.value)&&!\/[^a-zA-Z0-9]\/.test(t.secret)){for(var s,r,n,a=l.querySelectorAll('iframe[data-secret=\"'+t.secret+'\"]'),o=l.querySelectorAll('blockquote[data-secret=\"'+t.secret+'\"]'),c=new RegExp(\"^https?:$\",\"i\"),i=0;i<o.length;i++)o[i].style.display=\"none\";for(i=0;i<a.length;i++)s=a[i],e.source===s.contentWindow&&(s.removeAttribute(\"style\"),\"height\"===t.message?(1e3<(r=parseInt(t.value,10))?r=1e3:~~r<200&&(r=200),s.height=r):\"link\"===t.message&&(r=new URL(s.getAttribute(\"src\")),n=new URL(t.value),c.test(n.protocol))&&n.host===r.host&&l.activeElement===s&&(d.top.location.href=t.value))}},d.addEventListener(\"message\",d.wp.receiveEmbedMessage,!1),l.addEventListener(\"DOMContentLoaded\",function(){for(var e,t,s=l.querySelectorAll(\"iframe.wp-embedded-content\"),r=0;r<s.length;r++)(t=(e=s[r]).getAttribute(\"data-secret\"))||(t=Math.random().toString(36).substring(2,12),e.src+=\"#?secret=\"+t,e.setAttribute(\"data-secret\",t)),e.contentWindow.postMessage({message:\"ready\",secret:t},\"*\")},!1)))}(window,document);\n\/* ]]> *\/\n<\/script>\n","description":"O Estado de S. Paulo\u00a0 &nbsp; A mudan\u00e7a do arcabou\u00e7o fiscal j\u00e1 indicada tanto por Luiz In\u00e1cio Lula da Silva (PT) quanto por Jair Bolsonaro (PL), que lideram as pesquisas de inten\u00e7\u00e3o de voto \u00e0 Presid\u00eancia, pode colocar em xeque o cumprimento das metas de infla\u00e7\u00e3o nos pr\u00f3ximos anos. Com a perspectiva de uma \u00e2ncora\u2026 Leia mais \u00bb"}