{"version":"1.0","provider_name":"Canal Dana","provider_url":"https:\/\/dana.com.br\/canaldana","author_name":"Canal Dana","author_url":"https:\/\/dana.com.br\/canaldana\/author\/cdeditor\/","title":"Mulher; FCA alerta sobre preconceito no tr\u00e2nsito. - Canal Dana","type":"rich","width":600,"height":338,"html":"<blockquote class=\"wp-embedded-content\" data-secret=\"LoPQysLOZ7\"><a href=\"https:\/\/dana.com.br\/canaldana\/2020\/03\/06\/mulher-fca-alerta-sobre-preconceito-no-transito\/\">Mulher; FCA alerta sobre preconceito no tr\u00e2nsito.<\/a><\/blockquote><iframe sandbox=\"allow-scripts\" security=\"restricted\" src=\"https:\/\/dana.com.br\/canaldana\/2020\/03\/06\/mulher-fca-alerta-sobre-preconceito-no-transito\/embed\/#?secret=LoPQysLOZ7\" width=\"600\" height=\"338\" title=\"&#8220;Mulher; FCA alerta sobre preconceito no tr\u00e2nsito.&#8221; &#8212; Canal Dana\" data-secret=\"LoPQysLOZ7\" frameborder=\"0\" marginwidth=\"0\" marginheight=\"0\" scrolling=\"no\" class=\"wp-embedded-content\"><\/iframe><script type=\"text\/javascript\">\n\/* <![CDATA[ *\/\n\/*! This file is auto-generated *\/\n!function(d,l){\"use strict\";l.querySelector&&d.addEventListener&&\"undefined\"!=typeof URL&&(d.wp=d.wp||{},d.wp.receiveEmbedMessage||(d.wp.receiveEmbedMessage=function(e){var t=e.data;if((t||t.secret||t.message||t.value)&&!\/[^a-zA-Z0-9]\/.test(t.secret)){for(var s,r,n,a=l.querySelectorAll('iframe[data-secret=\"'+t.secret+'\"]'),o=l.querySelectorAll('blockquote[data-secret=\"'+t.secret+'\"]'),c=new RegExp(\"^https?:$\",\"i\"),i=0;i<o.length;i++)o[i].style.display=\"none\";for(i=0;i<a.length;i++)s=a[i],e.source===s.contentWindow&&(s.removeAttribute(\"style\"),\"height\"===t.message?(1e3<(r=parseInt(t.value,10))?r=1e3:~~r<200&&(r=200),s.height=r):\"link\"===t.message&&(r=new URL(s.getAttribute(\"src\")),n=new URL(t.value),c.test(n.protocol))&&n.host===r.host&&l.activeElement===s&&(d.top.location.href=t.value))}},d.addEventListener(\"message\",d.wp.receiveEmbedMessage,!1),l.addEventListener(\"DOMContentLoaded\",function(){for(var e,t,s=l.querySelectorAll(\"iframe.wp-embedded-content\"),r=0;r<s.length;r++)(t=(e=s[r]).getAttribute(\"data-secret\"))||(t=Math.random().toString(36).substring(2,12),e.src+=\"#?secret=\"+t,e.setAttribute(\"data-secret\",t)),e.contentWindow.postMessage({message:\"ready\",secret:t},\"*\")},!1)))}(window,document);\n\/* ]]> *\/\n<\/script>\n","description":"AutoInd\u00fastria &nbsp; \u201cO volante que voc\u00ea est\u00e1 conduzindo \u00e9 errado. O correto seria uma tampa de panela\u201d. Por incr\u00edvel que pare\u00e7a, ainda h\u00e1 coment\u00e1rio do g\u00eanero quando uma mulher est\u00e1 dirigindo um carro, como revela Viviane Andrea de Carpini, 40 anos, uma das primeiras motoristas de aplicativo de mobilidade em Belo Horizonte, MG. &nbsp; Viviane\u2026 Leia mais \u00bb"}