{"version":"1.0","provider_name":"Canal Dana","provider_url":"https:\/\/dana.com.br\/canaldana","author_name":"Canal Dana","author_url":"https:\/\/dana.com.br\/canaldana\/author\/cdeditor\/","title":"Confian\u00e7a cresce, mas n\u00e3o assegura ind\u00fastria forte - Canal Dana","type":"rich","width":600,"height":338,"html":"<blockquote class=\"wp-embedded-content\" data-secret=\"Ea2Gz6oPr0\"><a href=\"https:\/\/dana.com.br\/canaldana\/2019\/08\/26\/confianca-cresce-mas-nao-assegura-industria-forte\/\">Confian\u00e7a cresce, mas n\u00e3o assegura ind\u00fastria forte<\/a><\/blockquote><iframe sandbox=\"allow-scripts\" security=\"restricted\" src=\"https:\/\/dana.com.br\/canaldana\/2019\/08\/26\/confianca-cresce-mas-nao-assegura-industria-forte\/embed\/#?secret=Ea2Gz6oPr0\" width=\"600\" height=\"338\" title=\"&#8220;Confian\u00e7a cresce, mas n\u00e3o assegura ind\u00fastria forte&#8221; &#8212; Canal Dana\" data-secret=\"Ea2Gz6oPr0\" frameborder=\"0\" marginwidth=\"0\" marginheight=\"0\" scrolling=\"no\" class=\"wp-embedded-content\"><\/iframe><script type=\"text\/javascript\">\n\/* <![CDATA[ *\/\n\/*! This file is auto-generated *\/\n!function(d,l){\"use strict\";l.querySelector&&d.addEventListener&&\"undefined\"!=typeof URL&&(d.wp=d.wp||{},d.wp.receiveEmbedMessage||(d.wp.receiveEmbedMessage=function(e){var t=e.data;if((t||t.secret||t.message||t.value)&&!\/[^a-zA-Z0-9]\/.test(t.secret)){for(var s,r,n,a=l.querySelectorAll('iframe[data-secret=\"'+t.secret+'\"]'),o=l.querySelectorAll('blockquote[data-secret=\"'+t.secret+'\"]'),c=new RegExp(\"^https?:$\",\"i\"),i=0;i<o.length;i++)o[i].style.display=\"none\";for(i=0;i<a.length;i++)s=a[i],e.source===s.contentWindow&&(s.removeAttribute(\"style\"),\"height\"===t.message?(1e3<(r=parseInt(t.value,10))?r=1e3:~~r<200&&(r=200),s.height=r):\"link\"===t.message&&(r=new URL(s.getAttribute(\"src\")),n=new URL(t.value),c.test(n.protocol))&&n.host===r.host&&l.activeElement===s&&(d.top.location.href=t.value))}},d.addEventListener(\"message\",d.wp.receiveEmbedMessage,!1),l.addEventListener(\"DOMContentLoaded\",function(){for(var e,t,s=l.querySelectorAll(\"iframe.wp-embedded-content\"),r=0;r<s.length;r++)(t=(e=s[r]).getAttribute(\"data-secret\"))||(t=Math.random().toString(36).substring(2,12),e.src+=\"#?secret=\"+t,e.setAttribute(\"data-secret\",t)),e.contentWindow.postMessage({message:\"ready\",secret:t},\"*\")},!1)))}(window,document);\n\/* ]]> *\/\n<\/script>\n","description":"O Estado de S. Paulo &nbsp; Indicadores de confian\u00e7a da ind\u00fastria divulgados nos \u00faltimos dias pela Confedera\u00e7\u00e3o Nacional da Ind\u00fastria (CNI) e pela Funda\u00e7\u00e3o Get\u00falio Vargas (FGV) foram mais positivos do que os registrados nos meses anteriores, mas nem por isso eles significam que est\u00e1 em curso uma retomada industrial significativa. Para que esta recupera\u00e7\u00e3o\u2026 Leia mais \u00bb"}