{"version":"1.0","provider_name":"Canal Dana","provider_url":"https:\/\/dana.com.br\/canaldana","author_name":"Canal Dana","author_url":"https:\/\/dana.com.br\/canaldana\/author\/cdeditor\/","title":"Volvo anuncia possibilidade de recall em caminh\u00f5es - Canal Dana","type":"rich","width":600,"height":338,"html":"<blockquote class=\"wp-embedded-content\" data-secret=\"ZfGDV1tWfq\"><a href=\"https:\/\/dana.com.br\/canaldana\/2018\/10\/19\/volvo-anuncia-possibilidade-de-recall-em-caminhoes\/\">Volvo anuncia possibilidade de recall em caminh\u00f5es<\/a><\/blockquote><iframe sandbox=\"allow-scripts\" security=\"restricted\" src=\"https:\/\/dana.com.br\/canaldana\/2018\/10\/19\/volvo-anuncia-possibilidade-de-recall-em-caminhoes\/embed\/#?secret=ZfGDV1tWfq\" width=\"600\" height=\"338\" title=\"&#8220;Volvo anuncia possibilidade de recall em caminh\u00f5es&#8221; &#8212; Canal Dana\" data-secret=\"ZfGDV1tWfq\" frameborder=\"0\" marginwidth=\"0\" marginheight=\"0\" scrolling=\"no\" class=\"wp-embedded-content\"><\/iframe><script type=\"text\/javascript\">\n\/* <![CDATA[ *\/\n\/*! This file is auto-generated *\/\n!function(d,l){\"use strict\";l.querySelector&&d.addEventListener&&\"undefined\"!=typeof URL&&(d.wp=d.wp||{},d.wp.receiveEmbedMessage||(d.wp.receiveEmbedMessage=function(e){var t=e.data;if((t||t.secret||t.message||t.value)&&!\/[^a-zA-Z0-9]\/.test(t.secret)){for(var s,r,n,a=l.querySelectorAll('iframe[data-secret=\"'+t.secret+'\"]'),o=l.querySelectorAll('blockquote[data-secret=\"'+t.secret+'\"]'),c=new RegExp(\"^https?:$\",\"i\"),i=0;i<o.length;i++)o[i].style.display=\"none\";for(i=0;i<a.length;i++)s=a[i],e.source===s.contentWindow&&(s.removeAttribute(\"style\"),\"height\"===t.message?(1e3<(r=parseInt(t.value,10))?r=1e3:~~r<200&&(r=200),s.height=r):\"link\"===t.message&&(r=new URL(s.getAttribute(\"src\")),n=new URL(t.value),c.test(n.protocol))&&n.host===r.host&&l.activeElement===s&&(d.top.location.href=t.value))}},d.addEventListener(\"message\",d.wp.receiveEmbedMessage,!1),l.addEventListener(\"DOMContentLoaded\",function(){for(var e,t,s=l.querySelectorAll(\"iframe.wp-embedded-content\"),r=0;r<s.length;r++)(t=(e=s[r]).getAttribute(\"data-secret\"))||(t=Math.random().toString(36).substring(2,12),e.src+=\"#?secret=\"+t,e.setAttribute(\"data-secret\",t)),e.contentWindow.postMessage({message:\"ready\",secret:t},\"*\")},!1)))}(window,document);\n\/* ]]> *\/\n<\/script>\n","description":"P\u00e9 na Estrada &nbsp; A montadora Volvo poder\u00e1 ter de fazer um recall de ve\u00edculos em v\u00e1rios continentes, incluindo caminh\u00f5es, depois de admitir que seus ve\u00edculos podem estar emitindo n\u00edveis mais altos que os permitidos de \u00f3xido de nitrog\u00eanio, um g\u00e1s venenoso. &nbsp; As a\u00e7\u00f5es do grupo sueco ca\u00edram 6% depois que ele previu um\u2026 Leia mais \u00bb"}