{"version":"1.0","provider_name":"Canal Dana","provider_url":"https:\/\/dana.com.br\/canaldana","author_name":"Canal Dana","author_url":"https:\/\/dana.com.br\/canaldana\/author\/cdeditor\/","title":"Mercado de caminh\u00f5es usados acumula alta de 3% - Canal Dana","type":"rich","width":600,"height":338,"html":"<blockquote class=\"wp-embedded-content\" data-secret=\"QWvttj98g5\"><a href=\"https:\/\/dana.com.br\/canaldana\/2018\/06\/25\/mercado-de-caminhoes-usados-acumula-alta-de-3\/\">Mercado de caminh\u00f5es usados acumula alta de 3%<\/a><\/blockquote><iframe sandbox=\"allow-scripts\" security=\"restricted\" src=\"https:\/\/dana.com.br\/canaldana\/2018\/06\/25\/mercado-de-caminhoes-usados-acumula-alta-de-3\/embed\/#?secret=QWvttj98g5\" width=\"600\" height=\"338\" title=\"&#8220;Mercado de caminh\u00f5es usados acumula alta de 3%&#8221; &#8212; Canal Dana\" data-secret=\"QWvttj98g5\" frameborder=\"0\" marginwidth=\"0\" marginheight=\"0\" scrolling=\"no\" class=\"wp-embedded-content\"><\/iframe><script type=\"text\/javascript\">\n\/* <![CDATA[ *\/\n\/*! This file is auto-generated *\/\n!function(d,l){\"use strict\";l.querySelector&&d.addEventListener&&\"undefined\"!=typeof URL&&(d.wp=d.wp||{},d.wp.receiveEmbedMessage||(d.wp.receiveEmbedMessage=function(e){var t=e.data;if((t||t.secret||t.message||t.value)&&!\/[^a-zA-Z0-9]\/.test(t.secret)){for(var s,r,n,a=l.querySelectorAll('iframe[data-secret=\"'+t.secret+'\"]'),o=l.querySelectorAll('blockquote[data-secret=\"'+t.secret+'\"]'),c=new RegExp(\"^https?:$\",\"i\"),i=0;i<o.length;i++)o[i].style.display=\"none\";for(i=0;i<a.length;i++)s=a[i],e.source===s.contentWindow&&(s.removeAttribute(\"style\"),\"height\"===t.message?(1e3<(r=parseInt(t.value,10))?r=1e3:~~r<200&&(r=200),s.height=r):\"link\"===t.message&&(r=new URL(s.getAttribute(\"src\")),n=new URL(t.value),c.test(n.protocol))&&n.host===r.host&&l.activeElement===s&&(d.top.location.href=t.value))}},d.addEventListener(\"message\",d.wp.receiveEmbedMessage,!1),l.addEventListener(\"DOMContentLoaded\",function(){for(var e,t,s=l.querySelectorAll(\"iframe.wp-embedded-content\"),r=0;r<s.length;r++)(t=(e=s[r]).getAttribute(\"data-secret\"))||(t=Math.random().toString(36).substring(2,12),e.src+=\"#?secret=\"+t,e.setAttribute(\"data-secret\",t)),e.contentWindow.postMessage({message:\"ready\",secret:t},\"*\")},!1)))}(window,document);\n\/* ]]> *\/\n<\/script>\n","description":"Estrad\u00e3o &nbsp; As transfer\u00eancias de caminh\u00f5es no mercado de usados seguem registrando varia\u00e7\u00e3o positiva no acumulado do ano. De acordo com os dados do Renavam, consolidados pela Fenabrave, federa\u00e7\u00e3o que representa os distribuidores de ve\u00edculos automotores, de janeiro a maio, trocaram de dono 137.292 ve\u00edculos, alta de 2,89% sobre as 133.509 transa\u00e7\u00f5es anotadas no mesmo\u2026 Leia mais \u00bb"}