{"version":"1.0","provider_name":"Canal Dana","provider_url":"https:\/\/dana.com.br\/canaldana","author_name":"Canal Dana","author_url":"https:\/\/dana.com.br\/canaldana\/author\/cdeditor\/","title":"Nissan confirma a chegada do el\u00e9trico LEAF no Brasil - Canal Dana","type":"rich","width":600,"height":338,"html":"<blockquote class=\"wp-embedded-content\" data-secret=\"ZWbZ5qruHO\"><a href=\"https:\/\/dana.com.br\/canaldana\/2018\/03\/12\/nissan-confirma-chegada-do-eletrico-leaf-no-brasil\/\">Nissan confirma a chegada do el\u00e9trico LEAF no Brasil<\/a><\/blockquote><iframe sandbox=\"allow-scripts\" security=\"restricted\" src=\"https:\/\/dana.com.br\/canaldana\/2018\/03\/12\/nissan-confirma-chegada-do-eletrico-leaf-no-brasil\/embed\/#?secret=ZWbZ5qruHO\" width=\"600\" height=\"338\" title=\"&#8220;Nissan confirma a chegada do el\u00e9trico LEAF no Brasil&#8221; &#8212; Canal Dana\" data-secret=\"ZWbZ5qruHO\" frameborder=\"0\" marginwidth=\"0\" marginheight=\"0\" scrolling=\"no\" class=\"wp-embedded-content\"><\/iframe><script type=\"text\/javascript\">\n\/* <![CDATA[ *\/\n\/*! This file is auto-generated *\/\n!function(d,l){\"use strict\";l.querySelector&&d.addEventListener&&\"undefined\"!=typeof URL&&(d.wp=d.wp||{},d.wp.receiveEmbedMessage||(d.wp.receiveEmbedMessage=function(e){var t=e.data;if((t||t.secret||t.message||t.value)&&!\/[^a-zA-Z0-9]\/.test(t.secret)){for(var s,r,n,a=l.querySelectorAll('iframe[data-secret=\"'+t.secret+'\"]'),o=l.querySelectorAll('blockquote[data-secret=\"'+t.secret+'\"]'),c=new RegExp(\"^https?:$\",\"i\"),i=0;i<o.length;i++)o[i].style.display=\"none\";for(i=0;i<a.length;i++)s=a[i],e.source===s.contentWindow&&(s.removeAttribute(\"style\"),\"height\"===t.message?(1e3<(r=parseInt(t.value,10))?r=1e3:~~r<200&&(r=200),s.height=r):\"link\"===t.message&&(r=new URL(s.getAttribute(\"src\")),n=new URL(t.value),c.test(n.protocol))&&n.host===r.host&&l.activeElement===s&&(d.top.location.href=t.value))}},d.addEventListener(\"message\",d.wp.receiveEmbedMessage,!1),l.addEventListener(\"DOMContentLoaded\",function(){for(var e,t,s=l.querySelectorAll(\"iframe.wp-embedded-content\"),r=0;r<s.length;r++)(t=(e=s[r]).getAttribute(\"data-secret\"))||(t=Math.random().toString(36).substring(2,12),e.src+=\"#?secret=\"+t,e.setAttribute(\"data-secret\",t)),e.contentWindow.postMessage({message:\"ready\",secret:t},\"*\")},!1)))}(window,document);\n\/* ]]> *\/\n<\/script>\n","description":"Futuretransport &nbsp; O ve\u00edculo 100% el\u00e9trico da montadora estar\u00e1 \u00e0 venda em uma primeira etapa na Argentina, Brasil, Chile, Col\u00f4mbia, Costa Rica, Equador, Uruguai e Porto Rico durante o pr\u00f3ximo ano fiscal, anunciou a Nissan no evento Nissan Futures, que aconteceu em S\u00e3o Paulo, Brasil. &nbsp; A empresa tamb\u00e9m est\u00e1 considerando a introdu\u00e7\u00e3o do Nissan\u2026 Leia mais \u00bb"}